{"id":13,"date":"2014-10-21T11:12:52","date_gmt":"2014-10-21T08:12:52","guid":{"rendered":"http:\/\/pilsvesture.cesis.lv\/muz\/?page_id=13"},"modified":"2026-04-21T14:40:35","modified_gmt":"2026-04-21T11:40:35","slug":"dokumenti","status":"publish","type":"page","link":"http:\/\/akcmv.gov.lv\/?page_id=13","title":{"rendered":"Dokumenti|Vakances"},"content":{"rendered":"<h1><span style=\"color: #ff6600;\">Vakances<\/span><\/h1>\n<p>\u0160obr\u012bd br\u012bvu vakan\u010du nav.<\/p>\n<hr \/>\n<h1><span style=\"color: #ff6600;\">Dokumenti<\/span><\/h1>\n<ul>\n<li><a href=\"http:\/\/akcmv.gov.lv\/wp-content\/uploads\/2026\/04\/Rikojums-Nr.9-Par-macibu-darba-organizaciju-no-2026.gada-30.aprila-lidz-2026.gada-4.maijam.pdf\">R\u012bkojums &#8220;Par m\u0101c\u012bbu darba organiz\u0101ciju no 2026. gada 30.apr\u012b\u013ca l\u012bdz 2026. gada 4. maijam&#8221;<\/a><\/li>\n<li><a href=\"http:\/\/akcmv.gov.lv\/wp-content\/uploads\/2025\/02\/Informacija-par-amatpersonu-un-darbinieku-un-menesalgas-apmeru-sadalijuma-pa-amatu-grupam.pdf\">Inform\u0101cija par amatpersonu un darbinieku un m\u0113ne\u0161algas apm\u0113ru sadal\u012bjum\u0101 pa amatu grup\u0101m (bruto euro)<\/a><\/li>\n<li><a href=\"https:\/\/www.vestnesis.lv\/op\/2024\/168.4\">Groz\u012bjums Ministru kabineta 2019. gada 17. decembra noteikumos Nr. 663 &#8220;Kult\u016bras ministrijas padot\u012bb\u0101 eso\u0161o profesion\u0101l\u0101s izgl\u012bt\u012bbas iest\u0101\u017eu maksas pakalpojumu cenr\u0101dis&#8221; no 01.09.2024.<\/a><\/li>\n<li><a href=\"http:\/\/akcmv.gov.lv\/wp-content\/uploads\/2024\/08\/2023.gada_Publiskais_gada_parskats.pdf\">Alfr\u0113da Kalni\u0146a C\u0113su M\u016bzikas vidusskolas publiskais gada p\u0101rskats 2023.gads<\/a><\/li>\n<li><a href=\"http:\/\/akcmv.gov.lv\/wp-content\/uploads\/2014\/10\/nolikums.pdf\">Alfr\u0113da Kalni\u0146a C\u0113su M\u016bzikas vidusskolas nolikums<\/a><\/li>\n<li><a href=\"http:\/\/akcmv.gov.lv\/wp-content\/uploads\/2014\/10\/GROZIJUMI.pdf\">Groz\u012bjumi Alfr\u0113da Kalni\u0146a C\u0113su M\u016bzikas vidusskolas nolikum\u0101 ar 15.05.2018.<\/a><\/li>\n<li><a href=\"http:\/\/akcmv.gov.lv\/wp-content\/uploads\/2025\/11\/AKCMV_Pasnovertejums_2025_19.11.2025.pdf\">Alfr\u0113da Kalni\u0146a C\u0113su M\u016bzikas vidusskolas pa\u0161nov\u0113rt\u0113juma zi\u0146ojums 2025.gads<\/a><\/li>\n<li><a href=\"http:\/\/akcmv.gov.lv\/wp-content\/uploads\/2014\/10\/AKCMV-atti\u0304sti\u0304bas-un-investi\u0304ciju-strate\u0304g\u0327ija-2021.-2027.-gadam-PDF.pdf\">Alfr\u0113da Kalni\u0146a C\u0113su M\u016bzikas vidusskolas att\u012bst\u012bbas un invest\u012bciju strat\u0113\u0123ija 2021.-2027. gadam<\/a><\/li>\n<li><a href=\"http:\/\/akcmv.gov.lv\/wp-content\/uploads\/2026\/01\/Aktualizets-darba-plans_macibu-un-metodiska-darba_25._26_.pdf\">Alfr\u0113da Kalni\u0146a C\u0113su M\u016bzikas vidusskolas vid\u0113j\u0101s profesion\u0101l\u0101s izgl\u012bt\u012bbas m\u0101c\u012bbu un metodisk\u0101 darba pl\u0101ns 2025.\/2026.m\u0101c\u012bbu gadam<\/a><\/li>\n<li><a href=\"http:\/\/akcmv.gov.lv\/wp-content\/uploads\/2014\/10\/3_ieks_kart_not.pdf\">Skolas iek\u0161\u0113j\u0101s k\u0101rt\u012bbas noteikumi<\/a><\/li>\n<li><a href=\"http:\/\/akcmv.gov.lv\/wp-content\/uploads\/2014\/10\/4_Darba-kartibas-noteikumi.pdf\">Skolas Darba k\u0101rt\u012bbas noteikumi<\/a><\/li>\n<li><a href=\"http:\/\/akcmv.gov.lv\/wp-content\/uploads\/2014\/10\/Alfr\u0113da-Kalni\u0146a-C\u0113su-M\u016bzikas-vidusskolas-\u0112tikas-kodekss.pdf\">\u0112tikas kodekss<\/a><\/li>\n<li><a href=\"http:\/\/akcmv.gov.lv\/wp-content\/uploads\/2014\/10\/Ieks_not_Nr7_Eklase.pdf\">Elektronisk\u0101 \u017eurn\u0101la \u201cE-klase\u201d lieto\u0161anas k\u0101rt\u012bba<\/a><\/li>\n<li><a href=\"http:\/\/akcmv.gov.lv\/wp-content\/uploads\/2024\/09\/Xerox-Scan_12092024155913.pdf\">Iek\u0161\u0113jie noteikumi &#8220;Pedagogu darba slodzes, piemaksu un materi\u0101l\u0101s stimul\u0113\u0161anas noteik\u0161anas k\u0101rt\u012bba&#8221;<\/a><\/li>\n<li><a href=\"http:\/\/akcmv.gov.lv\/wp-content\/uploads\/2024\/06\/Grozijumi-28.08.2023.-ieksejos-noteikumos_Pedagogu-menesa-darba-algas-likmes-noteiksanas-kartiba.pdf\">Groz\u012bjumi 28.08.2023. iek\u0161\u0113jos noteikumos &#8220;Pedagogu m\u0113ne\u0161a darba algas likmes noteik\u0161anas k\u0101rt\u012bba&#8221;<\/a><\/li>\n<li><a href=\"http:\/\/akcmv.gov.lv\/wp-content\/uploads\/2023\/09\/Pedagogu-menesa-darba-algas-likmes-noteiksanas-kartiba.pdf\">Iek\u0161\u0113jie noteikumi &#8220;Pedagogu m\u0113ne\u0161a darba algas likmes noteik\u0161anas k\u0101rt\u012bba&#8221;<\/a><\/li>\n<li><a href=\"http:\/\/akcmv.gov.lv\/wp-content\/uploads\/2014\/10\/M\u0101c\u012bbu-prakses-nodro\u0161in\u0101\u0161anas-dokument\u0113\u0161anas-un-organiz\u0113\u0161anas-k\u0101rt\u012bba-profesion\u0101l\u0101s-vid\u0113j\u0101s-izgl\u012bt\u012bbas-programmu-izgl\u012btojamajiem.pdf\">Iek\u0161\u0113jie noteikumi &#8220;M\u0101c\u012bbu prakses nodro\u0161in\u0101\u0161anas, dokument\u0113\u0161anas un organiz\u0113\u0161anas k\u0101rt\u012bba profesion\u0101l\u0101s vid\u0113j\u0101s izgl\u012bt\u012bbas programmu izgl\u012btojamajiem&#8221;<\/a><\/li>\n<li><a href=\"http:\/\/akcmv.gov.lv\/wp-content\/uploads\/2023\/03\/Ieksejie_not_02052022.pdf\">Iek\u0161\u0113jie noteikumi &#8220;Izgl\u012btojamo p\u0101rcel\u0161anas n\u0101kamaj\u0101 klas\u0113, kurs\u0101, atskait\u012b\u0161anas, individu\u0101lo apmekl\u0113jumu un akad\u0113misko atva\u013cin\u0101jumu pie\u0161\u0137ir\u0161anas k\u0101rt\u012bba&#8221;<\/a><\/li>\n<li><a href=\"http:\/\/akcmv.gov.lv\/wp-content\/uploads\/2025\/01\/Vertesanas-kartiba_no-01.09.2024.pdf\">Izgl\u012btojamo m\u0101c\u012bbu sasniegumu v\u0113rt\u0113\u0161anas k\u0101rt\u012bba profesion\u0101l\u0101s vid\u0113j\u0101s izgl\u012bt\u012bbas programm\u0101s<\/a><\/li>\n<li><a href=\"http:\/\/akcmv.gov.lv\/wp-content\/uploads\/2025\/04\/AKCMV_Vertesh_kartiba_Prof-iev_2025.pdf\">Iek\u0161\u0113jie noteikumi Izgl\u012btojamo m\u0101c\u012bbu sasniegumu v\u0113rt\u0113\u0161anas k\u0101rt\u012bba profesion\u0101l\u0101s ievirzes izgl\u012bt\u012bbas programm\u0101s<\/a><\/li>\n<li><a href=\"http:\/\/akcmv.gov.lv\/wp-content\/uploads\/2025\/04\/AKCMV_Vert_krit_Prof-iev_2025.pdf\">Alfr\u0113da Kalni\u0146a C\u0113su M\u016bzikas vidusskolas Izgl\u012btojamo m\u0101c\u012bbu sniegumu v\u0113rt\u0113\u0161anas k\u0101rt\u012bba profesion\u0101l\u0101s ievirzes izgl\u012bt\u012bbas programm\u0101s Pielikums Nr.1 &#8220;Summat\u012bvais v\u0113rt\u0113jums profesion\u0101l\u0101s ievirzes instrumentu sp\u0113les \/ dzied\u0101\u0161anas m\u0101c\u012bbu priek\u0161metu p\u0101rbaud\u012bjumos (tehnisk\u0101s ieskaites, m\u0101c\u012bbu koncerti, eks\u0101meni)&#8221;<\/a><\/li>\n<li><a href=\"http:\/\/akcmv.gov.lv\/wp-content\/uploads\/2025\/09\/Stipendiju_pieskirsanas_nolikums.pdf\">Stipendiju pie\u0161\u0137ir\u0161anas nolikums<\/a><\/li>\n<li><a href=\"http:\/\/akcmv.gov.lv\/wp-content\/uploads\/2014\/10\/1_2-bernu-sudz-kart.pdf\">B\u0113rnu s\u016bdz\u012bbu iesnieg\u0161anas un izskat\u012b\u0161anas k\u0101rt\u012bba Alfr\u0113da Kalni\u0146a C\u0113su M\u016bzikas vidusskol\u0101<\/a><\/li>\n<li><a href=\"http:\/\/akcmv.gov.lv\/wp-content\/uploads\/2014\/10\/Izgl\u012btojam\u0101-individu\u0101l\u0101-m\u0101c\u012bbu-pl\u0101na-izveidei-un-izpildei-2.pdf\">K\u0101rt\u012bba &#8220;Izgl\u012btojam\u0101 individu\u0101l\u0101 m\u0101c\u012bbu pl\u0101na izveidei un izpildei&#8221;<\/a><\/li>\n<li><a href=\"http:\/\/akcmv.gov.lv\/wp-content\/uploads\/2023\/11\/Attalinato-macibu-organizesanas-un-istenosanas-kartiba.pdf\">Att\u0101lin\u0101to m\u0101c\u012bbu organiz\u0113\u0161anas un \u012bsteno\u0161anas k\u0101rt\u012bba Alfr\u0113da Kalni\u0146a C\u0113su M\u016bzikas vidusskol\u0101<\/a><\/li>\n<li><a href=\"http:\/\/akcmv.gov.lv\/wp-content\/uploads\/2023\/11\/attalinato_mac_vadlinijas_22_23_0.pdf\">Vadl\u012bnijas att\u0101lin\u0101tu m\u0101c\u012bbu \u012bsteno\u0161anai kombin\u0113ta m\u0101c\u012bbu procesa ietvaros<\/a><\/li>\n<li><a href=\"http:\/\/akcmv.gov.lv\/wp-content\/uploads\/2014\/10\/1_3-emo-vard.pdf\">K\u0101rt\u012bba par vad\u012bt\u0101ja un pedagogu r\u012bc\u012bbu, ja tiek konstat\u0113ta fiziska vai emocion\u0101la vardarb\u012bba pret izgl\u012btojamo Alfr\u0113da Kalni\u0146a C\u0113su M\u016bzikas vidusskol\u0101<\/a><\/li>\n<li><a href=\"http:\/\/akcmv.gov.lv\/wp-content\/uploads\/2014\/10\/5-dros-not.pdf\">Izgl\u012btojamo dro\u0161\u012bbas noteikumi<\/a><\/li>\n<li><a href=\"http:\/\/akcmv.gov.lv\/wp-content\/uploads\/2014\/10\/IEKSEJIE-NOTEIKUMI2.pdf\">K\u0101rt\u012bba, k\u0101d\u0101 audz\u0113k\u0146i, izst\u0101joties no skolas, nok\u0101rto saist\u012bbas ar Alfr\u0113da Kalni\u0146a C\u0113su M\u016bzikas vidusskolu<\/a><\/li>\n<li><a href=\"http:\/\/akcmv.gov.lv\/wp-content\/uploads\/2014\/10\/trauksmes-cel-not.pdf\">Trauksmes cel\u0161anas k\u0101rt\u012bba<\/a><\/li>\n<li><a href=\"http:\/\/akcmv.gov.lv\/wp-content\/uploads\/2014\/10\/Personu_datu_apstrades_aizsardzibas_noteikumi.pdf\">Personas datu apstr\u0101des aizsardz\u012bbas noteikumi<\/a><\/li>\n<li><a href=\"http:\/\/akcmv.gov.lv\/wp-content\/uploads\/2014\/10\/14-publ-iep-kart.pdf\">Skolas publisko\u00a0iepirkumu organiz\u0113\u0161anas k\u0101rt\u012bba<\/a><\/li>\n<li><a href=\"http:\/\/akcmv.gov.lv\/wp-content\/uploads\/2024\/09\/Saist_raksts.doc\">Pielikums pie Izgl\u012bto\u0161anas l\u012bguma (inform\u0101cija par m\u0101c\u012bbu maksas un nomas maksas maks\u0101jumiem)<\/a><\/li>\n<li><a href=\"https:\/\/akcmv.gov.lv\/?page_id=11293\">Piek\u013c\u016bstam\u012bbas pazi\u0146ojums internetlapai www.akcmv.gov.lv<\/a><\/li>\n<li><a href=\"https:\/\/akcmv.gov.lv\/?page_id=11859\">Alfr\u0113da Kalni\u0146a C\u0113su m\u016bzikas vidusskolas datu priv\u0101tuma politika<\/a><\/li>\n<\/ul>\n<hr \/>\n<h4><\/h4>\n<h4><strong>Reglamenti<\/strong><\/h4>\n<ul>\n<li><a href=\"http:\/\/akcmv.gov.lv\/wp-content\/uploads\/2014\/10\/1-msregl.pdf\">Alfr\u0113da Kalni\u0146a C\u0113su M\u016bzikas vidusskolas m\u016bzikas skolas reglaments<\/a><\/li>\n<li><a href=\"http:\/\/akcmv.gov.lv\/wp-content\/uploads\/2014\/10\/6-skol-pad-regl-1.pdf\">Alfr\u0113da Kalni\u0146a C\u0113su M\u016bzikas vidusskolas padomes reglaments<\/a><\/li>\n<li><a href=\"http:\/\/akcmv.gov.lv\/wp-content\/uploads\/2014\/10\/7_Ped_pad_reglaments.pdf\">Skolas Pedago\u0123isk\u0101s padomes reglaments<\/a><\/li>\n<li><a href=\"http:\/\/akcmv.gov.lv\/wp-content\/uploads\/2014\/10\/8-darb-domes-regl.pdf\">Darbinieku domes reglaments<\/a><\/li>\n<li><a href=\"http:\/\/akcmv.gov.lv\/wp-content\/uploads\/2014\/10\/9-nod-regl.pdf\">Skolas Noda\u013cu reglaments<\/a><\/li>\n<li><a href=\"http:\/\/akcmv.gov.lv\/wp-content\/uploads\/2014\/10\/10-met-kom-regl.pdf\">Metodisk\u0101s komisijas reglaments<\/a><\/li>\n<li><a href=\"http:\/\/akcmv.gov.lv\/wp-content\/uploads\/2014\/10\/Alfr\u0113da-Kalni\u0146a-C\u0113su-M\u016bzikas-vidusskolas_\u0112tikas-komisijas-reglaments.pdf\">\u0112tikas komisijas reglaments<\/a><\/li>\n<li><a href=\"http:\/\/akcmv.gov.lv\/wp-content\/uploads\/2014\/10\/14-izgl-domes-regl.pdf\">Izgl\u012btojamo domes reglaments<\/a><\/li>\n<\/ul>\n<hr \/>\n<h4><strong>Veidlapas<\/strong><\/h4>\n<ul>\n<li><a href=\"http:\/\/akcmv.gov.lv\/wp-content\/uploads\/2014\/10\/Komand_PIETEIKUMS_.doc\">Komand\u0113juma pieteikums (forma)<\/a><\/li>\n<li><a href=\"http:\/\/akcmv.gov.lv\/wp-content\/uploads\/2014\/10\/PROTOKOLS_nodalas.doc\">Noda\u013cas s\u0113des protokols<\/a>\u00a0(forma)<\/li>\n<li><a href=\"http:\/\/akcmv.gov.lv\/wp-content\/uploads\/2014\/10\/trauksmes_celeja_zinojuma_veidlapa-1.docx\">Trauksmes c\u0113l\u0113ja zi\u0146ojuma veidlapa<\/a><\/li>\n<\/ul>\n<hr \/>\n<h1><\/h1>\n","protected":false},"excerpt":{"rendered":"<p>Vakances \u0160obr\u012bd br\u012bvu vakan\u010du nav. Dokumenti R\u012bkojums &#8220;Par m\u0101c\u012bbu darba organiz\u0101ciju no 2026. gada 30.apr\u012b\u013ca l\u012bdz 2026. gada 4. maijam&#8221; Inform\u0101cija par amatpersonu un darbinieku un m\u0113ne\u0161algas apm\u0113ru sadal\u012bjum\u0101 pa amatu grup\u0101m (bruto euro) Groz\u012bjums Ministru kabineta 2019. gada 17. decembra noteikumos Nr. 663 &#8220;Kult\u016bras ministrijas padot\u012bb\u0101 eso\u0161o profesion\u0101l\u0101s izgl\u012bt\u012bbas iest\u0101\u017eu maksas pakalpojumu cenr\u0101dis&#8221; no [&hellip;]<\/p>\n","protected":false},"author":1,"featured_media":0,"parent":4,"menu_order":1,"comment_status":"closed","ping_status":"closed","template":"","meta":{"footnotes":""},"class_list":["post-13","page","type-page","status-publish","czr-hentry"],"_links":{"self":[{"href":"http:\/\/akcmv.gov.lv\/index.php?rest_route=\/wp\/v2\/pages\/13","targetHints":{"allow":["GET"]}}],"collection":[{"href":"http:\/\/akcmv.gov.lv\/index.php?rest_route=\/wp\/v2\/pages"}],"about":[{"href":"http:\/\/akcmv.gov.lv\/index.php?rest_route=\/wp\/v2\/types\/page"}],"author":[{"embeddable":true,"href":"http:\/\/akcmv.gov.lv\/index.php?rest_route=\/wp\/v2\/users\/1"}],"replies":[{"embeddable":true,"href":"http:\/\/akcmv.gov.lv\/index.php?rest_route=%2Fwp%2Fv2%2Fcomments&post=13"}],"version-history":[{"count":150,"href":"http:\/\/akcmv.gov.lv\/index.php?rest_route=\/wp\/v2\/pages\/13\/revisions"}],"predecessor-version":[{"id":17296,"href":"http:\/\/akcmv.gov.lv\/index.php?rest_route=\/wp\/v2\/pages\/13\/revisions\/17296"}],"up":[{"embeddable":true,"href":"http:\/\/akcmv.gov.lv\/index.php?rest_route=\/wp\/v2\/pages\/4"}],"wp:attachment":[{"href":"http:\/\/akcmv.gov.lv\/index.php?rest_route=%2Fwp%2Fv2%2Fmedia&parent=13"}],"curies":[{"name":"wp","href":"https:\/\/api.w.org\/{rel}","templated":true}]}}