{"id":15632,"date":"2025-08-06T10:25:54","date_gmt":"2025-08-06T07:25:54","guid":{"rendered":"https:\/\/akcmv.gov.lv\/?page_id=15632"},"modified":"2025-08-06T10:25:55","modified_gmt":"2025-08-06T07:25:55","slug":"katrina-eglona","status":"publish","type":"page","link":"https:\/\/akcmv.gov.lv\/?page_id=15632","title":{"rendered":"Katr\u012bna Eglona"},"content":{"rendered":"\n<figure class=\"wp-block-gallery has-nested-images columns-default is-cropped wp-block-gallery-1 is-layout-flex wp-block-gallery-is-layout-flex\">\n<figure class=\"wp-block-image size-full\"><a href=\"https:\/\/akcmv.gov.lv\/wp-content\/uploads\/2025\/08\/Katrina_Eglona-scaled.jpg\"><img loading=\"lazy\" decoding=\"async\" width=\"1920\" height=\"2560\" data-id=\"15633\" src=\"https:\/\/akcmv.gov.lv\/wp-content\/uploads\/2025\/08\/Katrina_Eglona-scaled.jpg\" alt=\"Katr\u012bna Eglona\" class=\"wp-image-15633\" srcset=\"https:\/\/akcmv.gov.lv\/wp-content\/uploads\/2025\/08\/Katrina_Eglona-scaled.jpg 1920w, https:\/\/akcmv.gov.lv\/wp-content\/uploads\/2025\/08\/Katrina_Eglona-225x300.jpg 225w, https:\/\/akcmv.gov.lv\/wp-content\/uploads\/2025\/08\/Katrina_Eglona-768x1024.jpg 768w, https:\/\/akcmv.gov.lv\/wp-content\/uploads\/2025\/08\/Katrina_Eglona-1152x1536.jpg 1152w, https:\/\/akcmv.gov.lv\/wp-content\/uploads\/2025\/08\/Katrina_Eglona-1536x2048.jpg 1536w\" sizes=\"auto, (max-width: 1920px) 100vw, 1920px\" \/><\/a><\/figure>\n<\/figure>\n\n\n\n<p class=\"has-text-align-center has-luminous-vivid-orange-color has-text-color has-link-color has-large-font-size wp-elements-91b5656d89df9bbdd6fcdb8ca61e9b82\"><strong>Katr\u012bna Eglona<\/strong><\/p>\n\n\n\n<p class=\"has-text-align-center\"><strong>Vijoles sp\u0113les skolot\u0101ja<\/strong><\/p>\n\n\n\n<p>K.Eglona: <br><br><em>&#8220;Esmu dzimusi Liep\u0101j\u0101, bet m\u016bzikas un citi ce\u013ci vedu\u0161i da\u017e\u0101dos virzienos, nu jau otro gadu ar\u012b uz C\u0113s\u012bm.<br><br>Pedago\u0123isk\u0101 darb\u012bba veidojusies \u013coti daudz Latvijas M\u016bzikas skol\u0101s, uzkr\u0101ta da\u017e\u0101da un v\u0113rt\u012bga pieredze, vijo\u013csp\u0113les skolot\u0101jas darb\u0101 mani saista dinamika un att\u012bst\u012bba , individualit\u0101tes mekl\u0113jumi un br\u012bv\u012bbas \u0161\u0137autnes.<br><br>Mana pieredze veidojusies da\u017e\u0101d\u0101s m\u016bzikas jom\u0101s, gan k\u0101 vok\u0101lo ansamb\u013cu vad\u012bt\u0101ja, esmu str\u0101d\u0101jusi ar\u012b ar b\u0113rniem ar \u012bpa\u0161\u0101m vajadz\u012bb\u0101m, gan muzic\u0113jusi da\u017e\u0101dos muzik\u0101los projektos k\u0101 dzied\u0101t\u0101ja, vijolniece, \u0161obr\u012bd ar\u012b izaicin\u0101jums b\u016bt kora kormeistarei. Studiju laikos pabiju ar\u012b \u0101rpus Latvijas, Erasmus apmai\u0146as programmas ietvaros, pilnveidoju savas zin\u0101\u0161anas un redzesloku Dr\u0113zden\u0113, kur guvu pavisam jaunas zin\u0101\u0161anas un prasmes. Nemit\u012bgi papildinu pieredzi piedaloties da\u017e\u0101dos projektos, apmekl\u0113jot kursus, lielu m\u0101kslinieku koncertus un kult\u016bras pas\u0101kumus. Darb\u0101 ar b\u0113rniem cen\u0161os apvienot profesion\u0101l\u0101s ievirzes uzst\u0101d\u012bjumus un interesi par instrumenta iesp\u0113j\u0101m, sp\u0113l\u0113jot da\u017e\u0101du stilu m\u016bziku. Vari b\u016bt augstas raudzes profesion\u0101lis un vari skan\u0113t kor\u012b, b\u016bt pop, rok zvaigzne vai folkloras turpin\u0101t\u0101js &#8211; to cen\u0161os audzin\u0101t b\u0113rniem, kuri apg\u016bst \u0161o profesiju &#8211; m\u016bzika ir ce\u013c\u0161, iesp\u0113jas, atsl\u0113gas, ar kur\u0101m atv\u0113rt var \u013coti daudz&#8230;&#8221;<\/em><\/p>\n\n\n\n<p><\/p>\n","protected":false},"excerpt":{"rendered":"<p>Katr\u012bna Eglona Vijoles sp\u0113les skolot\u0101ja K.Eglona: &#8220;Esmu dzimusi Liep\u0101j\u0101, bet m\u016bzikas un citi ce\u013ci vedu\u0161i da\u017e\u0101dos virzienos, nu jau otro gadu ar\u012b uz C\u0113s\u012bm. Pedago\u0123isk\u0101 darb\u012bba veidojusies \u013coti daudz Latvijas M\u016bzikas skol\u0101s, uzkr\u0101ta da\u017e\u0101da un v\u0113rt\u012bga pieredze, vijo\u013csp\u0113les skolot\u0101jas darb\u0101 mani saista dinamika un att\u012bst\u012bba , individualit\u0101tes mekl\u0113jumi un br\u012bv\u012bbas \u0161\u0137autnes. Mana pieredze veidojusies da\u017e\u0101d\u0101s [&hellip;]<\/p>\n","protected":false},"author":2,"featured_media":0,"parent":0,"menu_order":0,"comment_status":"closed","ping_status":"closed","template":"","meta":{"footnotes":""},"class_list":["post-15632","page","type-page","status-publish","czr-hentry"],"_links":{"self":[{"href":"https:\/\/akcmv.gov.lv\/index.php?rest_route=\/wp\/v2\/pages\/15632","targetHints":{"allow":["GET"]}}],"collection":[{"href":"https:\/\/akcmv.gov.lv\/index.php?rest_route=\/wp\/v2\/pages"}],"about":[{"href":"https:\/\/akcmv.gov.lv\/index.php?rest_route=\/wp\/v2\/types\/page"}],"author":[{"embeddable":true,"href":"https:\/\/akcmv.gov.lv\/index.php?rest_route=\/wp\/v2\/users\/2"}],"replies":[{"embeddable":true,"href":"https:\/\/akcmv.gov.lv\/index.php?rest_route=%2Fwp%2Fv2%2Fcomments&post=15632"}],"version-history":[{"count":3,"href":"https:\/\/akcmv.gov.lv\/index.php?rest_route=\/wp\/v2\/pages\/15632\/revisions"}],"predecessor-version":[{"id":15636,"href":"https:\/\/akcmv.gov.lv\/index.php?rest_route=\/wp\/v2\/pages\/15632\/revisions\/15636"}],"wp:attachment":[{"href":"https:\/\/akcmv.gov.lv\/index.php?rest_route=%2Fwp%2Fv2%2Fmedia&parent=15632"}],"curies":[{"name":"wp","href":"https:\/\/api.w.org\/{rel}","templated":true}]}}